{"id":1554,"date":"2021-08-11T14:58:23","date_gmt":"2021-08-11T12:58:23","guid":{"rendered":"http:\/\/michalpiekarski.com.pl\/?page_id=1554"},"modified":"2021-08-11T15:05:20","modified_gmt":"2021-08-11T13:05:20","slug":"about-me","status":"publish","type":"page","link":"https:\/\/michalpiekarski.com.pl\/en\/about-me\/","title":{"rendered":"About me"},"content":{"rendered":"<p><img loading=\"lazy\" decoding=\"async\" class=\"alignnone wp-image-1473 \" src=\"http:\/\/michalpiekarski.com.pl\/wp-content\/uploads\/2021\/08\/Michal-do-YT-271x300.jpg\" alt=\"\" width=\"410\" height=\"454\" srcset=\"https:\/\/michalpiekarski.com.pl\/wp-content\/uploads\/2021\/08\/Michal-do-YT-271x300.jpg 271w, https:\/\/michalpiekarski.com.pl\/wp-content\/uploads\/2021\/08\/Michal-do-YT-926x1024.jpg 926w, https:\/\/michalpiekarski.com.pl\/wp-content\/uploads\/2021\/08\/Michal-do-YT-768x849.jpg 768w, https:\/\/michalpiekarski.com.pl\/wp-content\/uploads\/2021\/08\/Michal-do-YT-1389x1536.jpg 1389w, https:\/\/michalpiekarski.com.pl\/wp-content\/uploads\/2021\/08\/Michal-do-YT-1852x2048.jpg 1852w, https:\/\/michalpiekarski.com.pl\/wp-content\/uploads\/2021\/08\/Michal-do-YT-1920x2123.jpg 1920w, https:\/\/michalpiekarski.com.pl\/wp-content\/uploads\/2021\/08\/Michal-do-YT-1170x1294.jpg 1170w, https:\/\/michalpiekarski.com.pl\/wp-content\/uploads\/2021\/08\/Michal-do-YT-585x647.jpg 585w\" sizes=\"auto, (max-width: 410px) 100vw, 410px\" \/><\/p>\n<h3>piekarskistudio@gmail.com<\/h3>\n\n\n<pre class=\"wp-block-preformatted\"><strong>MICHA\u0141 PIEKARSKI<\/strong> \u2013 artysta grafik. Autor projekt\u00f3w graficznych ksi\u0105\u017cek, album\u00f3w, znaczk\u00f3w pocztowych, plakat\u00f3w i\u202fmiesi\u0119cznik\u00f3w. \nKocha typografi\u0119, litery, kompozycje z\u202ffont\u00f3w, czer\u0144 i\u202fbiel. \nMieszka w\u202fWarszawie.\n\nDYPLOM z\u202fplakatu w pracowni\u202fprof.\u202fMacieja Urba\u0144ca na\u202fWydziale Grafiki w\u202fAkademii Sztuk Pi\u0119knych w Warszawie w\u202f1979.\n\nDOKTORAT na\u202fWydziale Grafiki Akademii Sztuk Pi\u0119knych w\u202fWarszawie w\u202f2019. \n\n\n1980\u20131984 dyrektor artystyczny w\u202fwydawnictwie SGGW \u2013 Akademia Rolnicza; 1985\u20131989 grafik w\u202ftelewizji NOS Holandia; 1985\u20131989 dyrektor artystyczny w\u202fmiesi\u0119czniku \u201eMurator\u201d; 1991\u20132001 dyrektor artystyczny magazynu \u201eTw\u00f3j Styl\u201d; 2001\u20132003 dyrektor kreatywny czasopism: \u201ePani\u201d, \u201eUroda\u201d (wydawnictwo Edipresse); 2003\u20132006 dyrektor kreatywny w\u202fzarz\u0105dzie Gruner&amp;Jahr (\u201eGlamour\u201d, \u201eGala\u201d, \u201eClaudia\u201d, \u201eFokus\u201d, \u201eMoje Mieszkanie\u201d, \u201eRodzice\u201d, \u201eNational Geographic\u201d); 2007\u20132011 dyrektor artystyczny TopGear (BurdaCommunication); 2012\u20132014 dyrektor artystyczny \u201eELLE\u201d (Burda Communications); \nOD\u202f2014 DO\u202fTERAZ dyrektor artystyczny magazyn\u00f3w \u201eGala\u201d, \u201eGala Men\u201d, \u201eGala Kids\u201d, \u201eGala Beauty\u201d (Burda Media)\n\n\n\nWYSTAWY (wyb\u00f3r): w ramach Mi\u0119dzynarodowego Biennale Plakatu w\u202fWarszawie i\u202fw\u202fLahti w\u202fFinlandii; Polish Jantar; grafika komputerowa w\u202fGorzowie Wielkopolskim\n\n\nNAGRODY (wyb\u00f3r): nagroda g\u0142\u00f3wna za\u202fplakat pt. \u201eEnergia\u2019\u2019 na\u202fBiennale Plakatu w\u202fLahti, 1979; Grafika miesi\u0105ca w\u202fWarszawie, 1979; nagrody za\u202fopracowanie graficzne ksi\u0105\u017cek w\u202fKonkursie PTWK Najpi\u0119kniejsze Ksi\u0105\u017cki Roku za\u202ftytu\u0142y: \u201eFizjologia ro\u015blin\u201d, 1985 (WRiL), \u201ePolskie Madonny\u201d Janusza Rosikonia, 1991 (DAR), \u201eMuzeum ulicy \u2013 plakat polski w\u202fkolekcji Muzeum Plakatu w\u202fWilanowie\u201d, 1995 (Wyd. Krupski i\u202fS-ka); dodatkowo album otrzyma\u0142 z\u0142oty medal na\u202fIBA w\u202fLipsku w\u202f1997 (tytu\u0142 Najpi\u0119kniejszej Ksi\u0105\u017cki \u015awiata \u201997); \u201ePolacy w\u202fsztuce \u015bwiata\u201d (Rosikon Press, 2000) przez organizatora MTK w\u202fWarszawie uznane zosta\u0142y za\u202fNajpi\u0119kniejsz\u0105 Ksi\u0105\u017ck\u0119 Mi\u0119dzynarodowych Targ\u00f3w Ksi\u0105\u017cki 2001; album ten zosta\u0142 te\u017c wyr\u00f3\u017cniony w\u202fKonkursie PTWK Najpi\u0119kniejsze Ksi\u0105\u017cki Roku 2000; Nagroda Magellana za\u202fksi\u0105\u017ck\u0119 podr\u00f3\u017cnicz\u0105 El\u017cbiety Dzikowskiej, 2010; nagroda Art Front za najlepsz\u0105 ok\u0142adk\u0119 2016, 2017 za ok\u0142adki dwutygodnika \u201eGala\u201d\n\n\n\nJEST WYK\u0141ADOWC\u0104 Wy\u017cszej Szko\u0142y Informatyki Stosowanej i\u202fZarz\u0105dzania pod auspicjami PAN. Wyk\u0142ady w\u202fPodyplomowej Szkole Reklamy przy Uniwersytecie Jagiello\u0144skim i\u202fna\u202fWydziale Dziennikarstwa UW\n\n\n\nWSP\u00d3\u0141PRACUJE z\u202fwieloma wydawnictwami, m.in. BOSZ, Burda, Centrum Rze\u017aby Polskiej w Oro\u0144sku, Paskal, Rosikon Press, Muza, Arkady, Poczta Polska.<\/pre>\n","protected":false},"excerpt":{"rendered":"<p>piekarskistudio@gmail.com MICHA\u0141 PIEKARSKI \u2013 artysta grafik. Autor projekt\u00f3w graficznych ksi\u0105\u017cek, album\u00f3w, znaczk\u00f3w pocztowych, plakat\u00f3w i\u202fmiesi\u0119cznik\u00f3w. Kocha typografi\u0119, litery, kompozycje z\u202ffont\u00f3w, czer\u0144 i\u202fbiel. Mieszka w\u202fWarszawie. DYPLOM z\u202fplakatu w pracowni\u202fprof.\u202fMacieja Urba\u0144ca na\u202fWydziale&hellip;<\/p>\n","protected":false},"author":1,"featured_media":0,"parent":0,"menu_order":0,"comment_status":"open","ping_status":"open","template":"","meta":{"footnotes":""},"class_list":["post-1554","page","type-page","status-publish","hentry"],"_links":{"self":[{"href":"https:\/\/michalpiekarski.com.pl\/en\/wp-json\/wp\/v2\/pages\/1554","targetHints":{"allow":["GET"]}}],"collection":[{"href":"https:\/\/michalpiekarski.com.pl\/en\/wp-json\/wp\/v2\/pages"}],"about":[{"href":"https:\/\/michalpiekarski.com.pl\/en\/wp-json\/wp\/v2\/types\/page"}],"author":[{"embeddable":true,"href":"https:\/\/michalpiekarski.com.pl\/en\/wp-json\/wp\/v2\/users\/1"}],"replies":[{"embeddable":true,"href":"https:\/\/michalpiekarski.com.pl\/en\/wp-json\/wp\/v2\/comments?post=1554"}],"version-history":[{"count":3,"href":"https:\/\/michalpiekarski.com.pl\/en\/wp-json\/wp\/v2\/pages\/1554\/revisions"}],"predecessor-version":[{"id":1557,"href":"https:\/\/michalpiekarski.com.pl\/en\/wp-json\/wp\/v2\/pages\/1554\/revisions\/1557"}],"wp:attachment":[{"href":"https:\/\/michalpiekarski.com.pl\/en\/wp-json\/wp\/v2\/media?parent=1554"}],"curies":[{"name":"wp","href":"https:\/\/api.w.org\/{rel}","templated":true}]}}